{"id":25455,"date":"2024-01-19T13:35:52","date_gmt":"2024-01-19T12:35:52","guid":{"rendered":"https:\/\/test.silafuente.es\/declaracio-digualtat-i-responsabilitat-social\/"},"modified":"2025-02-04T13:52:30","modified_gmt":"2025-02-04T12:52:30","slug":"declaracio-digualtat-i-responsabilitat-social","status":"publish","type":"page","link":"https:\/\/www.silafuente.es\/ca\/declaracio-digualtat-i-responsabilitat-social\/","title":{"rendered":"Declaraci\u00f3 d&#8217;Igualtat i Responsabilitat Social"},"content":{"rendered":"\t\t<div data-elementor-type=\"wp-page\" data-elementor-id=\"25455\" class=\"elementor elementor-25455 elementor-1057\" data-elementor-post-type=\"page\">\n\t\t\t\t<div class=\"elementor-element elementor-element-33ed3592 e-flex e-con-boxed e-con e-parent\" data-id=\"33ed3592\" data-element_type=\"container\" data-e-type=\"container\" data-settings=\"{&quot;background_background&quot;:&quot;classic&quot;}\">\n\t\t\t\t\t<div class=\"e-con-inner\">\n\t\t<div class=\"elementor-element elementor-element-3ce7ec36 e-con-full e-flex e-con e-child\" data-id=\"3ce7ec36\" data-element_type=\"container\" data-e-type=\"container\" data-settings=\"{&quot;background_background&quot;:&quot;classic&quot;}\">\n\t\t\t\t<div class=\"elementor-element elementor-element-a3ec1dd elementor-invisible elementor-widget elementor-widget-heading\" data-id=\"a3ec1dd\" data-element_type=\"widget\" data-e-type=\"widget\" data-settings=\"{&quot;_animation&quot;:&quot;fadeIn&quot;}\" data-widget_type=\"heading.default\">\n\t\t\t\t<div class=\"elementor-widget-container\">\n\t\t\t\t\t<h1 class=\"elementor-heading-title elementor-size-default\">DECLARACI\u00d3 D'IGUALTAT I RESPONSABILITAT SOCIAL\n<\/h1>\t\t\t\t<\/div>\n\t\t\t\t<\/div>\n\t\t\t\t<div class=\"elementor-element elementor-element-daf0ed8 elementor-widget-divider--view-line elementor-invisible elementor-widget elementor-widget-divider\" data-id=\"daf0ed8\" data-element_type=\"widget\" data-e-type=\"widget\" data-settings=\"{&quot;_animation&quot;:&quot;fadeIn&quot;}\" data-widget_type=\"divider.default\">\n\t\t\t\t<div class=\"elementor-widget-container\">\n\t\t\t\t\t\t\t<div class=\"elementor-divider\">\n\t\t\t<span class=\"elementor-divider-separator\">\n\t\t\t\t\t\t<\/span>\n\t\t<\/div>\n\t\t\t\t\t\t<\/div>\n\t\t\t\t<\/div>\n\t\t\t\t<div class=\"elementor-element elementor-element-26db4d8 elementor-invisible elementor-widget elementor-widget-heading\" data-id=\"26db4d8\" data-element_type=\"widget\" data-e-type=\"widget\" data-settings=\"{&quot;_animation&quot;:&quot;fadeIn&quot;}\" data-widget_type=\"heading.default\">\n\t\t\t\t<div class=\"elementor-widget-container\">\n\t\t\t\t\t<h2 class=\"elementor-heading-title elementor-size-default\">Som professionals de la neteja i prevalem la qualitat dels nostres serveis.<\/h2>\t\t\t\t<\/div>\n\t\t\t\t<\/div>\n\t\t\t\t<div class=\"elementor-element elementor-element-119dc7c elementor-invisible elementor-widget elementor-widget-text-editor\" data-id=\"119dc7c\" data-element_type=\"widget\" data-e-type=\"widget\" data-settings=\"{&quot;_animation&quot;:&quot;fadeIn&quot;}\" data-widget_type=\"text-editor.default\">\n\t\t\t\t<div class=\"elementor-widget-container\">\n\t\t\t\t\t\t\t\t\t<p>Conscient que la gesti\u00f3 empresarial ha d&#8217;estar en conson\u00e0ncia amb les necessitats i demandes de la societat, <span style=\"font-weight: 400;\">Lafuente servicios integrales SL.<\/span> declara el seu comprom\u00eds amb la igualtat efectiva entre dones i homes al si de l&#8217;empresa i l&#8217;aplicaci\u00f3 efectiva de pol\u00edtiques per a la consecuci\u00f3 d&#8217;aquest principi, dins dels termes previstos a la Llei org\u00e0nica 3\/2007.<\/p><p>A tots i cadascun dels \u00e0mbits de l&#8217;empresa -des de les condicions de treball, els serveis prestats o la comunicaci\u00f3 &#8211; <span style=\"font-weight: 400;\">Lafuente servicios integrales SL.<\/span> assumeix la igualtat de tracte i oportunitats sense discriminar directament o indirectament per ra\u00f3 de sexe.<\/p><p>Els principis enunciats es duen a la pr\u00e0ctica a trav\u00e9s de l&#8217;elaboraci\u00f3 i l&#8217;aplicaci\u00f3 d&#8217;un Pla d&#8217;Igualtat a l&#8217;Empresa i altres mesures com l&#8217;establiment de protocols de prevenci\u00f3 i actuaci\u00f3 per a casos d&#8217;assetjament laboral i sexual.<\/p><p>Dins el seu projecte social, <span style=\"font-weight: 400;\">Lafuente servicios integrales SL.<\/span> tamb\u00e9 treballa per la integraci\u00f3 laboral a la seva plantilla de dones v\u00edctimes de viol\u00e8ncia de g\u00e8nere.<\/p><p>Som rigorosos amb la legislaci\u00f3 vigent i estenem aquest comprom\u00eds per mitj\u00e0 d&#8217;una exig\u00e8ncia de certificaci\u00f3 a RSE, la Norma IQ NET SR 10. Aquesta certificaci\u00f3 implica el compliment i el comprom\u00eds amb els requeriments de la norma en mat\u00e8ria de Rendici\u00f3 de comptes, transpar\u00e8ncia, comportament \u00e8tic, respecte als grups d&#8217;inter\u00e8s, respecte al principi de legalitat, respecte a la normativa internacional de compliment i respecte als drets humans. Si voleu ampliar informaci\u00f3, podeu consultar la nostra <a href=\"https:\/\/www.silafuente.es\/wp-content\/uploads\/2024\/05\/Declaracion-RSC-SR-10-Lafuente.pdf\">Pol\u00edtica de Responsabilitat Social<\/a> i <a href=\"https:\/\/www.silafuente.es\/wp-content\/uploads\/2025\/02\/P-02-MATERIALIDAD-ENE25-V07.pdf\">l&#8217;An\u00e0lisi de Materialitat<\/a>.<\/p><p>Igualment, <span style=\"font-weight: 400;\">Lafuente servicios integrales SL.<\/span> es compromet amb les persones que formen part de l&#8217;organitzaci\u00f3, per mitj\u00e0 de la Norma EFR, a oferir mesures de conciliaci\u00f3 adequades a la seva cultura i marc de negoci, entenent com a tal la flexibilitat suficient atesa per l&#8217;empresa per cobrir les necessitats personals i familiars dels seus col\u00b7laboradors, en conson\u00e0ncia i equilibri amb els objectius de la companyia.<\/p><p>La direcci\u00f3 i tots els empleats assumeixen el comprom\u00eds contingut en aquesta declaraci\u00f3.<\/p>\t\t\t\t\t\t\t\t<\/div>\n\t\t\t\t<\/div>\n\t\t\t\t<\/div>\n\t\t\t\t\t<\/div>\n\t\t\t\t<\/div>\n\t\t\t\t<\/div>\n\t\t","protected":false},"excerpt":{"rendered":"<p>DECLARACI\u00d3 D&#8217;IGUALTAT I RESPONSABILITAT SOCIAL Som professionals de la neteja i prevalem la qualitat dels nostres serveis. Conscient que la gesti\u00f3 empresarial ha d&#8217;estar en conson\u00e0ncia amb les necessitats i demandes de la societat, Lafuente servicios integrales SL. declara el seu comprom\u00eds amb la igualtat efectiva entre dones i homes al si de l&#8217;empresa i [&hellip;]<\/p>\n","protected":false},"author":1,"featured_media":1278,"parent":0,"menu_order":0,"comment_status":"closed","ping_status":"closed","template":"elementor_header_footer","meta":{"footnotes":""},"class_list":["post-25455","page","type-page","status-publish","has-post-thumbnail","hentry"],"yoast_head":"<!-- This site is optimized with the Yoast SEO plugin v27.5 - https:\/\/yoast.com\/product\/yoast-seo-wordpress\/ -->\n<title>Declaraci\u00f3 d&#039;Igualtat i Responsabilitat Social - Lafuente Servicios de Limpieza - Silafuente<\/title>\n<meta name=\"robots\" content=\"index, follow, max-snippet:-1, max-image-preview:large, max-video-preview:-1\" \/>\n<link rel=\"canonical\" href=\"https:\/\/www.silafuente.es\/declaracion-de-igualdad-y-responsabilidad-social\/\" \/>\n<meta property=\"og:locale\" content=\"en_US\" \/>\n<meta property=\"og:type\" content=\"article\" \/>\n<meta property=\"og:title\" content=\"Declaraci\u00f3 d&#039;Igualtat i Responsabilitat Social - Lafuente Servicios de Limpieza - Silafuente\" \/>\n<meta property=\"og:description\" content=\"DECLARACI\u00d3 D&#8217;IGUALTAT I RESPONSABILITAT SOCIAL Som professionals de la neteja i prevalem la qualitat dels nostres serveis. Conscient que la gesti\u00f3 empresarial ha d&#8217;estar en conson\u00e0ncia amb les necessitats i demandes de la societat, Lafuente servicios integrales SL. declara el seu comprom\u00eds amb la igualtat efectiva entre dones i homes al si de l&#8217;empresa i [&hellip;]\" \/>\n<meta property=\"og:url\" content=\"https:\/\/www.silafuente.es\/declaracion-de-igualdad-y-responsabilidad-social\/\" \/>\n<meta property=\"og:site_name\" content=\"Lafuente Servicios de Limpieza - Silafuente\" \/>\n<meta property=\"article:modified_time\" content=\"2025-02-04T12:52:30+00:00\" \/>\n<meta property=\"og:image\" content=\"https:\/\/www.silafuente.es\/wp-content\/uploads\/2024\/01\/OUR-MISSION.jpg?wsr\" \/>\n\t<meta property=\"og:image:width\" content=\"400\" \/>\n\t<meta property=\"og:image:height\" content=\"380\" \/>\n\t<meta property=\"og:image:type\" content=\"image\/jpeg\" \/>\n<meta name=\"twitter:card\" content=\"summary_large_image\" \/>\n<meta name=\"twitter:label1\" content=\"Est. reading time\" \/>\n\t<meta name=\"twitter:data1\" content=\"2 minutes\" \/>\n<script type=\"application\/ld+json\" class=\"yoast-schema-graph\">{\"@context\":\"https:\\\/\\\/schema.org\",\"@graph\":[{\"@type\":\"WebPage\",\"@id\":\"https:\\\/\\\/www.silafuente.es\\\/declaracion-de-igualdad-y-responsabilidad-social\\\/\",\"url\":\"https:\\\/\\\/www.silafuente.es\\\/declaracion-de-igualdad-y-responsabilidad-social\\\/\",\"name\":\"Declaraci\u00f3 d'Igualtat i Responsabilitat Social - Lafuente Servicios de Limpieza - Silafuente\",\"isPartOf\":{\"@id\":\"https:\\\/\\\/www.silafuente.es\\\/#website\"},\"primaryImageOfPage\":{\"@id\":\"https:\\\/\\\/www.silafuente.es\\\/declaracion-de-igualdad-y-responsabilidad-social\\\/#primaryimage\"},\"image\":{\"@id\":\"https:\\\/\\\/www.silafuente.es\\\/declaracion-de-igualdad-y-responsabilidad-social\\\/#primaryimage\"},\"thumbnailUrl\":\"https:\\\/\\\/www.silafuente.es\\\/wp-content\\\/uploads\\\/2024\\\/01\\\/OUR-MISSION.jpg?wsr\",\"datePublished\":\"2024-01-19T12:35:52+00:00\",\"dateModified\":\"2025-02-04T12:52:30+00:00\",\"breadcrumb\":{\"@id\":\"https:\\\/\\\/www.silafuente.es\\\/declaracion-de-igualdad-y-responsabilidad-social\\\/#breadcrumb\"},\"inLanguage\":\"va\",\"potentialAction\":[{\"@type\":\"ReadAction\",\"target\":[\"https:\\\/\\\/www.silafuente.es\\\/declaracion-de-igualdad-y-responsabilidad-social\\\/\"]}]},{\"@type\":\"ImageObject\",\"inLanguage\":\"va\",\"@id\":\"https:\\\/\\\/www.silafuente.es\\\/declaracion-de-igualdad-y-responsabilidad-social\\\/#primaryimage\",\"url\":\"https:\\\/\\\/www.silafuente.es\\\/wp-content\\\/uploads\\\/2024\\\/01\\\/OUR-MISSION.jpg?wsr\",\"contentUrl\":\"https:\\\/\\\/www.silafuente.es\\\/wp-content\\\/uploads\\\/2024\\\/01\\\/OUR-MISSION.jpg?wsr\",\"width\":400,\"height\":380,\"caption\":\"mantenimiento-de-piscinas\"},{\"@type\":\"BreadcrumbList\",\"@id\":\"https:\\\/\\\/www.silafuente.es\\\/declaracion-de-igualdad-y-responsabilidad-social\\\/#breadcrumb\",\"itemListElement\":[{\"@type\":\"ListItem\",\"position\":1,\"name\":\"Portada\",\"item\":\"https:\\\/\\\/www.silafuente.es\\\/\"},{\"@type\":\"ListItem\",\"position\":2,\"name\":\"Declaraci\u00f3 d&#8217;Igualtat i Responsabilitat Social\"}]},{\"@type\":\"WebSite\",\"@id\":\"https:\\\/\\\/www.silafuente.es\\\/#website\",\"url\":\"https:\\\/\\\/www.silafuente.es\\\/\",\"name\":\"Lafuente Servicios de Limpieza - Silafuente\",\"description\":\"\",\"publisher\":{\"@id\":\"https:\\\/\\\/www.silafuente.es\\\/#organization\"},\"potentialAction\":[{\"@type\":\"SearchAction\",\"target\":{\"@type\":\"EntryPoint\",\"urlTemplate\":\"https:\\\/\\\/www.silafuente.es\\\/?s={search_term_string}\"},\"query-input\":{\"@type\":\"PropertyValueSpecification\",\"valueRequired\":true,\"valueName\":\"search_term_string\"}}],\"inLanguage\":\"va\"},{\"@type\":\"Organization\",\"@id\":\"https:\\\/\\\/www.silafuente.es\\\/#organization\",\"name\":\"Lafuente Servicios de Limpieza - Silafuente\",\"url\":\"https:\\\/\\\/www.silafuente.es\\\/\",\"logo\":{\"@type\":\"ImageObject\",\"inLanguage\":\"va\",\"@id\":\"https:\\\/\\\/www.silafuente.es\\\/#\\\/schema\\\/logo\\\/image\\\/\",\"url\":\"https:\\\/\\\/www.silafuente.es\\\/wp-content\\\/uploads\\\/2024\\\/04\\\/cropped-favicon_LaFuente.png\",\"contentUrl\":\"https:\\\/\\\/www.silafuente.es\\\/wp-content\\\/uploads\\\/2024\\\/04\\\/cropped-favicon_LaFuente.png\",\"width\":512,\"height\":512,\"caption\":\"Lafuente Servicios de Limpieza - Silafuente\"},\"image\":{\"@id\":\"https:\\\/\\\/www.silafuente.es\\\/#\\\/schema\\\/logo\\\/image\\\/\"}}]}<\/script>\n<!-- \/ Yoast SEO plugin. -->","yoast_head_json":{"title":"Declaraci\u00f3 d'Igualtat i Responsabilitat Social - Lafuente Servicios de Limpieza - Silafuente","robots":{"index":"index","follow":"follow","max-snippet":"max-snippet:-1","max-image-preview":"max-image-preview:large","max-video-preview":"max-video-preview:-1"},"canonical":"https:\/\/www.silafuente.es\/declaracion-de-igualdad-y-responsabilidad-social\/","og_locale":"en_US","og_type":"article","og_title":"Declaraci\u00f3 d'Igualtat i Responsabilitat Social - Lafuente Servicios de Limpieza - Silafuente","og_description":"DECLARACI\u00d3 D&#8217;IGUALTAT I RESPONSABILITAT SOCIAL Som professionals de la neteja i prevalem la qualitat dels nostres serveis. Conscient que la gesti\u00f3 empresarial ha d&#8217;estar en conson\u00e0ncia amb les necessitats i demandes de la societat, Lafuente servicios integrales SL. declara el seu comprom\u00eds amb la igualtat efectiva entre dones i homes al si de l&#8217;empresa i [&hellip;]","og_url":"https:\/\/www.silafuente.es\/declaracion-de-igualdad-y-responsabilidad-social\/","og_site_name":"Lafuente Servicios de Limpieza - Silafuente","article_modified_time":"2025-02-04T12:52:30+00:00","og_image":[{"width":400,"height":380,"url":"https:\/\/www.silafuente.es\/wp-content\/uploads\/2024\/01\/OUR-MISSION.jpg?wsr","type":"image\/jpeg"}],"twitter_card":"summary_large_image","twitter_misc":{"Est. reading time":"2 minutes"},"schema":{"@context":"https:\/\/schema.org","@graph":[{"@type":"WebPage","@id":"https:\/\/www.silafuente.es\/declaracion-de-igualdad-y-responsabilidad-social\/","url":"https:\/\/www.silafuente.es\/declaracion-de-igualdad-y-responsabilidad-social\/","name":"Declaraci\u00f3 d'Igualtat i Responsabilitat Social - Lafuente Servicios de Limpieza - Silafuente","isPartOf":{"@id":"https:\/\/www.silafuente.es\/#website"},"primaryImageOfPage":{"@id":"https:\/\/www.silafuente.es\/declaracion-de-igualdad-y-responsabilidad-social\/#primaryimage"},"image":{"@id":"https:\/\/www.silafuente.es\/declaracion-de-igualdad-y-responsabilidad-social\/#primaryimage"},"thumbnailUrl":"https:\/\/www.silafuente.es\/wp-content\/uploads\/2024\/01\/OUR-MISSION.jpg?wsr","datePublished":"2024-01-19T12:35:52+00:00","dateModified":"2025-02-04T12:52:30+00:00","breadcrumb":{"@id":"https:\/\/www.silafuente.es\/declaracion-de-igualdad-y-responsabilidad-social\/#breadcrumb"},"inLanguage":"va","potentialAction":[{"@type":"ReadAction","target":["https:\/\/www.silafuente.es\/declaracion-de-igualdad-y-responsabilidad-social\/"]}]},{"@type":"ImageObject","inLanguage":"va","@id":"https:\/\/www.silafuente.es\/declaracion-de-igualdad-y-responsabilidad-social\/#primaryimage","url":"https:\/\/www.silafuente.es\/wp-content\/uploads\/2024\/01\/OUR-MISSION.jpg?wsr","contentUrl":"https:\/\/www.silafuente.es\/wp-content\/uploads\/2024\/01\/OUR-MISSION.jpg?wsr","width":400,"height":380,"caption":"mantenimiento-de-piscinas"},{"@type":"BreadcrumbList","@id":"https:\/\/www.silafuente.es\/declaracion-de-igualdad-y-responsabilidad-social\/#breadcrumb","itemListElement":[{"@type":"ListItem","position":1,"name":"Portada","item":"https:\/\/www.silafuente.es\/"},{"@type":"ListItem","position":2,"name":"Declaraci\u00f3 d&#8217;Igualtat i Responsabilitat Social"}]},{"@type":"WebSite","@id":"https:\/\/www.silafuente.es\/#website","url":"https:\/\/www.silafuente.es\/","name":"Lafuente Servicios de Limpieza - Silafuente","description":"","publisher":{"@id":"https:\/\/www.silafuente.es\/#organization"},"potentialAction":[{"@type":"SearchAction","target":{"@type":"EntryPoint","urlTemplate":"https:\/\/www.silafuente.es\/?s={search_term_string}"},"query-input":{"@type":"PropertyValueSpecification","valueRequired":true,"valueName":"search_term_string"}}],"inLanguage":"va"},{"@type":"Organization","@id":"https:\/\/www.silafuente.es\/#organization","name":"Lafuente Servicios de Limpieza - Silafuente","url":"https:\/\/www.silafuente.es\/","logo":{"@type":"ImageObject","inLanguage":"va","@id":"https:\/\/www.silafuente.es\/#\/schema\/logo\/image\/","url":"https:\/\/www.silafuente.es\/wp-content\/uploads\/2024\/04\/cropped-favicon_LaFuente.png","contentUrl":"https:\/\/www.silafuente.es\/wp-content\/uploads\/2024\/04\/cropped-favicon_LaFuente.png","width":512,"height":512,"caption":"Lafuente Servicios de Limpieza - Silafuente"},"image":{"@id":"https:\/\/www.silafuente.es\/#\/schema\/logo\/image\/"}}]}},"_links":{"self":[{"href":"https:\/\/www.silafuente.es\/ca\/wp-json\/wp\/v2\/pages\/25455","targetHints":{"allow":["GET"]}}],"collection":[{"href":"https:\/\/www.silafuente.es\/ca\/wp-json\/wp\/v2\/pages"}],"about":[{"href":"https:\/\/www.silafuente.es\/ca\/wp-json\/wp\/v2\/types\/page"}],"author":[{"embeddable":true,"href":"https:\/\/www.silafuente.es\/ca\/wp-json\/wp\/v2\/users\/1"}],"replies":[{"embeddable":true,"href":"https:\/\/www.silafuente.es\/ca\/wp-json\/wp\/v2\/comments?post=25455"}],"version-history":[{"count":17,"href":"https:\/\/www.silafuente.es\/ca\/wp-json\/wp\/v2\/pages\/25455\/revisions"}],"predecessor-version":[{"id":26845,"href":"https:\/\/www.silafuente.es\/ca\/wp-json\/wp\/v2\/pages\/25455\/revisions\/26845"}],"wp:featuredmedia":[{"embeddable":true,"href":"https:\/\/www.silafuente.es\/ca\/wp-json\/wp\/v2\/media\/1278"}],"wp:attachment":[{"href":"https:\/\/www.silafuente.es\/ca\/wp-json\/wp\/v2\/media?parent=25455"}],"curies":[{"name":"wp","href":"https:\/\/api.w.org\/{rel}","templated":true}]}}